{"id":8492,"date":"2022-09-07T02:45:03","date_gmt":"2022-09-07T02:45:03","guid":{"rendered":"https:\/\/demo.ovatheme.com\/auntri\/?page_id=59"},"modified":"2024-05-17T17:42:36","modified_gmt":"2024-05-17T23:42:36","slug":"influencer","status":"publish","type":"page","link":"https:\/\/ibericametropole.com\/en\/influencer\/","title":{"rendered":"Ibericametropole&#8217;s Remarkable Journey: Dive into the Unforgettable Expos and Master Talks that Define Our Expertise"},"content":{"rendered":"<div data-elementor-type=\"wp-page\" data-elementor-id=\"8492\" class=\"elementor elementor-8492\">\n\t\t\t\t\t\t<section class=\"elementor-section elementor-top-section elementor-element elementor-element-214b831 elementor-section-boxed elementor-section-height-default elementor-section-height-default\" data-id=\"214b831\" data-element_type=\"section\" data-e-type=\"section\">\n\t\t\t\t\t\t\t<div class=\"elementor-background-overlay\"><\/div>\n\t\t\t\t\t\t\t<div class=\"elementor-container elementor-column-gap-default\">\n\t\t\t\t\t<div class=\"elementor-column elementor-col-100 elementor-top-column elementor-element elementor-element-db7cb1a\" data-id=\"db7cb1a\" data-element_type=\"column\" data-e-type=\"column\">\n\t\t\t<div class=\"elementor-widget-wrap elementor-element-populated\">\n\t\t\t\t\t\t<div class=\"elementor-element elementor-element-a254091 elementor-widget elementor-widget-heading\" data-id=\"a254091\" data-element_type=\"widget\" data-e-type=\"widget\" data-widget_type=\"heading.default\">\n\t\t\t\t<div class=\"elementor-widget-container\">\n\t\t\t\t\t<h1 class=\"elementor-heading-title elementor-size-default\">EXPLORA<\/h1>\t\t\t\t<\/div>\n\t\t\t\t<\/div>\n\t\t\t\t<div class=\"elementor-element elementor-element-c165414 elementor-widget elementor-widget-heading\" data-id=\"c165414\" data-element_type=\"widget\" data-e-type=\"widget\" data-widget_type=\"heading.default\">\n\t\t\t\t<div class=\"elementor-widget-container\">\n\t\t\t\t\t<h1 class=\"elementor-heading-title elementor-size-default\">NUESTRO BLOG<\/h1>\t\t\t\t<\/div>\n\t\t\t\t<\/div>\n\t\t\t\t\t<\/div>\n\t\t<\/div>\n\t\t\t\t\t<\/div>\n\t\t<\/section>\n\t\t\t\t<section class=\"elementor-section elementor-top-section elementor-element elementor-element-c29f033 elementor-section-full_width elementor-section-height-default elementor-section-height-default\" data-id=\"c29f033\" data-element_type=\"section\" data-e-type=\"section\">\n\t\t\t\t\t\t<div class=\"elementor-container elementor-column-gap-default\">\n\t\t\t\t\t<div class=\"elementor-column elementor-col-100 elementor-top-column elementor-element elementor-element-11b2e6e\" data-id=\"11b2e6e\" data-element_type=\"column\" data-e-type=\"column\">\n\t\t\t<div class=\"elementor-widget-wrap elementor-element-populated\">\n\t\t\t\t\t\t<div class=\"elementor-element elementor-element-b181b6e elementor-widget elementor-widget-auntri_elementor_blog\" data-id=\"b181b6e\" data-element_type=\"widget\" data-e-type=\"widget\" data-widget_type=\"auntri_elementor_blog.default\">\n\t\t\t\t<div class=\"elementor-widget-container\">\n\t\t\t\t\t\n\t\t\t<ul class=\"ova-blog ova-column version_2\">\n\t\t\t  \t\t\t\t\t  <li class=\"item\">\n\n\t\t\t\t  \t<div class=\"media\">\n\n\t\t\t\t\t  \t\n\t\t\t\t\t  \t<div class=\"box-img\">\n\t\t\t\t\t  \t\t<a href=\"https:\/\/ibericametropole.com\/en\/2023\/06\/22\/expertise-en-estructuracion-de-proyectos-para-gobierno\/\" rel=\"bookmark\" title=\"Expertise en estructuraci\u00f3n de proyectos para gobierno\">\n\t\t\t\t\t\t\t  \t<img decoding=\"async\" src=\"https:\/\/i0.wp.com\/ibericametropole.com\/wp-content\/uploads\/2023\/06\/bbok_m_pv-04.png?fit=800%2C286&#038;ssl=1\" alt=\"Expertise en estructuraci\u00f3n de proyectos para gobierno\">\n\t\t\t\t\t\t  \t<\/a>\n\t\t\t\t\t  \t<\/div>\t\t  \t\n\t\t\t\t\t  \t\n\t\t\t\t\t  \t\n\t\t\t\t  \t<\/div>\n\n\t\t\t\t  \t<div class=\"content\">\n\t\t\t\t\t\t\t\n\t\t\t\t\t  \t<ul class=\"post-meta\">\n\t\t\t\t\t\t\t\t\t\t\t\t\t\t  \t\n\t\t\t\t\t\t\t\t\n\t\t\t\t\t\t\t\t\n\t\t\t\t\t\t\t\t\n\t\t\t\t\t\t\t  \t\t\t\t\t\t\t\t\t  \t\t\t\n\t\t\t\t\t\t\t  \t\n\t\t\t\t\t  \t<\/ul>\n\t\t\t\t\t  \n\t\t\t\t\t\t  \t\t\t\t\t\t\t  <h2 class=\"post-title\">\n\t\t\t\t\t\t\t\t  <a href=\"https:\/\/ibericametropole.com\/en\/2023\/06\/22\/expertise-en-estructuracion-de-proyectos-para-gobierno\/\" rel=\"bookmark\" title=\"Expertise en estructuraci\u00f3n de proyectos para gobierno\">\n\t\t\t\t\t\t\t\t\tExpertise en estructuraci\u00f3n de proyectos para gobierno\t\t\t\t\t\t\t\t  <\/a>\n\t\t\t\t\t\t\t  <\/h2>\n\t\t\t\t\t\t  \n\t\t\t\t\t\t  \n\t\t\t\t\t\t  \t\n\n\t\t\t\t\t\t   \t\t\t\t\t\t  <\/div>\n\t\t\t\t\t  \n\t\t\t\t  <\/li>\t\n\t\t\t\t\t  \n\t\t\t  \t\t\t\t  <li class=\"item\">\n\n\t\t\t\t  \t<div class=\"media\">\n\n\t\t\t\t\t  \t\n\t\t\t\t\t  \t<div class=\"box-img\">\n\t\t\t\t\t  \t\t<a href=\"https:\/\/ibericametropole.com\/en\/2023\/06\/22\/torre-bbva-cdmx\/\" rel=\"bookmark\" title=\"Torre BBVA CDMX\">\n\t\t\t\t\t\t\t  \t<img decoding=\"async\" src=\"https:\/\/i0.wp.com\/ibericametropole.com\/wp-content\/uploads\/2023\/06\/bbok_m_pv-03.png?fit=800%2C366&#038;ssl=1\" alt=\"Torre BBVA CDMX\">\n\t\t\t\t\t\t  \t<\/a>\n\t\t\t\t\t  \t<\/div>\t\t  \t\n\t\t\t\t\t  \t\n\t\t\t\t\t  \t\n\t\t\t\t  \t<\/div>\n\n\t\t\t\t  \t<div class=\"content\">\n\t\t\t\t\t\t\t\n\t\t\t\t\t  \t<ul class=\"post-meta\">\n\t\t\t\t\t\t\t\t\t\t\t\t\t\t  \t\n\t\t\t\t\t\t\t\t\n\t\t\t\t\t\t\t\t\n\t\t\t\t\t\t\t\t\n\t\t\t\t\t\t\t  \t\t\t\t\t\t\t\t\t  \t\t\t\n\t\t\t\t\t\t\t  \t\n\t\t\t\t\t  \t<\/ul>\n\t\t\t\t\t  \n\t\t\t\t\t\t  \t\t\t\t\t\t\t  <h2 class=\"post-title\">\n\t\t\t\t\t\t\t\t  <a href=\"https:\/\/ibericametropole.com\/en\/2023\/06\/22\/torre-bbva-cdmx\/\" rel=\"bookmark\" title=\"Torre BBVA CDMX\">\n\t\t\t\t\t\t\t\t\tTorre BBVA CDMX\t\t\t\t\t\t\t\t  <\/a>\n\t\t\t\t\t\t\t  <\/h2>\n\t\t\t\t\t\t  \n\t\t\t\t\t\t  \n\t\t\t\t\t\t  \t\n\n\t\t\t\t\t\t   \t\t\t\t\t\t  <\/div>\n\t\t\t\t\t  \n\t\t\t\t  <\/li>\t\n\t\t\t\t\t  \n\t\t\t  \t\t\t\t  <li class=\"item\">\n\n\t\t\t\t  \t<div class=\"media\">\n\n\t\t\t\t\t  \t\n\t\t\t\t\t  \t<div class=\"box-img\">\n\t\t\t\t\t  \t\t<a href=\"https:\/\/ibericametropole.com\/en\/2023\/06\/22\/expertise-y-presencia-en-america-latina\/\" rel=\"bookmark\" title=\"Expertise y presencia en America Latina\">\n\t\t\t\t\t\t\t  \t<img decoding=\"async\" src=\"https:\/\/i0.wp.com\/ibericametropole.com\/wp-content\/uploads\/2023\/06\/bbok_m_pv-01.png?fit=800%2C441&#038;ssl=1\" alt=\"Expertise y presencia en America Latina\">\n\t\t\t\t\t\t  \t<\/a>\n\t\t\t\t\t  \t<\/div>\t\t  \t\n\t\t\t\t\t  \t\n\t\t\t\t\t  \t\n\t\t\t\t  \t<\/div>\n\n\t\t\t\t  \t<div class=\"content\">\n\t\t\t\t\t\t\t\n\t\t\t\t\t  \t<ul class=\"post-meta\">\n\t\t\t\t\t\t\t\t\t\t\t\t\t\t  \t\n\t\t\t\t\t\t\t\t\n\t\t\t\t\t\t\t\t\n\t\t\t\t\t\t\t\t\n\t\t\t\t\t\t\t  \t\t\t\t\t\t\t\t\t  \t\t\t\n\t\t\t\t\t\t\t  \t\n\t\t\t\t\t  \t<\/ul>\n\t\t\t\t\t  \n\t\t\t\t\t\t  \t\t\t\t\t\t\t  <h2 class=\"post-title\">\n\t\t\t\t\t\t\t\t  <a href=\"https:\/\/ibericametropole.com\/en\/2023\/06\/22\/expertise-y-presencia-en-america-latina\/\" rel=\"bookmark\" title=\"Expertise y presencia en America Latina\">\n\t\t\t\t\t\t\t\t\tExpertise y presencia en America Latina\t\t\t\t\t\t\t\t  <\/a>\n\t\t\t\t\t\t\t  <\/h2>\n\t\t\t\t\t\t  \n\t\t\t\t\t\t  \n\t\t\t\t\t\t  \t\n\n\t\t\t\t\t\t   \t\t\t\t\t\t  <\/div>\n\t\t\t\t\t  \n\t\t\t\t  <\/li>\t\n\t\t\t\t\t  \n\t\t\t  \t\t\t<\/ul>\n\n\t\t\t\t\t\t<\/div>\n\t\t\t\t<\/div>\n\t\t\t\t<div class=\"elementor-element elementor-element-298656a elementor-widget elementor-widget-upk-buzz-list\" data-id=\"298656a\" data-element_type=\"widget\" data-e-type=\"widget\" data-widget_type=\"upk-buzz-list.default\">\n\t\t\t\t<div class=\"elementor-widget-container\">\n\t\t\t\t\t\t\t<div class=\"upk-buzz-list-container upk-ajax-grid\" data-loadmore=\"[]\">\n\t\t\t<div class=\"upk-buzz-list upk-ajax-grid-wrap\">\n\t\t\t\t\n\t\t\t\t\t\t\t<div class=\"upk-item upk-flex upk-flex-middle\">\n\t\t\t<div class=\"upk-img-wrap\">\n\t\t\t\t<img data-recalc-dims=\"1\" decoding=\"async\" class=\"upk-img\" src=\"https:\/\/i0.wp.com\/ibericametropole.com\/wp-content\/plugins\/elementor\/assets\/images\/placeholder.png?w=800&#038;ssl=1\" alt=\"Smart City Expo Latam Congress\">\t\t\t<\/div>\n\t\t\t<div class=\"upk-content\">\n\t\t\t\t<div class=\"upk-count\"><\/div>\n\t\t\t\t<div class=\"upk-inner\">\n\t\t\t\t\t\t\t\t\t\t<h3 class=\"upk-title\"><a href=\"https:\/\/ibericametropole.com\/en\/2023\/06\/22\/smart-city-expo-latam-congress\/\" title=\"Smart City Expo Latam Congress\" class=\"title-animation-underline\" aria-label=\"Smart City Expo Latam Congress\">Smart City Expo Latam Congress<\/a><\/h3>\t\t\t\t\t\t\t\t\t<\/div>\n\t\t\t<\/div>\n\t\t<\/div>\n\t\n\t\t\t\t\n\t\t\t\t\t\t\t<div class=\"upk-item upk-flex upk-flex-middle\">\n\t\t\t<div class=\"upk-img-wrap\">\n\t\t\t\t<img data-recalc-dims=\"1\" decoding=\"async\" class=\"upk-img\" src=\"https:\/\/i0.wp.com\/ibericametropole.com\/wp-content\/plugins\/elementor\/assets\/images\/placeholder.png?w=800&#038;ssl=1\" alt=\"R.S.V.P: La comunidad francesa se re\u00fane con Pierre Lellouche\">\t\t\t<\/div>\n\t\t\t<div class=\"upk-content\">\n\t\t\t\t<div class=\"upk-count\"><\/div>\n\t\t\t\t<div class=\"upk-inner\">\n\t\t\t\t\t\t\t\t\t\t<h3 class=\"upk-title\"><a href=\"https:\/\/ibericametropole.com\/en\/2023\/06\/22\/r-s-v-p-la-comunidad-francesa-se-reune-con-pierre-lellouche\/\" title=\"R.S.V.P: La comunidad francesa se re\u00fane con Pierre Lellouche\" class=\"title-animation-underline\" aria-label=\"R.S.V.P: La comunidad francesa se re\u00fane con Pierre Lellouche\">R.S.V.P: La comunidad francesa se re\u00fane con Pierre Lellouche<\/a><\/h3>\t\t\t\t\t\t\t\t\t<\/div>\n\t\t\t<\/div>\n\t\t<\/div>\n\t\n\t\t\t\t\n\t\t\t\t\t\t\t<div class=\"upk-item upk-flex upk-flex-middle\">\n\t\t\t<div class=\"upk-img-wrap\">\n\t\t\t\t<img data-recalc-dims=\"1\" decoding=\"async\" class=\"upk-img\" src=\"https:\/\/i0.wp.com\/ibericametropole.com\/wp-content\/plugins\/elementor\/assets\/images\/placeholder.png?w=800&#038;ssl=1\" alt=\"Media Events\">\t\t\t<\/div>\n\t\t\t<div class=\"upk-content\">\n\t\t\t\t<div class=\"upk-count\"><\/div>\n\t\t\t\t<div class=\"upk-inner\">\n\t\t\t\t\t\t\t\t\t\t<h3 class=\"upk-title\"><a href=\"https:\/\/ibericametropole.com\/en\/2023\/06\/22\/media-events\/\" title=\"Media Events\" class=\"title-animation-underline\" aria-label=\"Media Events\">Media Events<\/a><\/h3>\t\t\t\t\t\t\t\t\t<\/div>\n\t\t\t<\/div>\n\t\t<\/div>\n\t\n\t\t\t\t\n\t\t\t\t\t\t\t<div class=\"upk-item upk-flex upk-flex-middle\">\n\t\t\t<div class=\"upk-img-wrap\">\n\t\t\t\t<img data-recalc-dims=\"1\" decoding=\"async\" class=\"upk-img\" src=\"https:\/\/i0.wp.com\/ibericametropole.com\/wp-content\/plugins\/elementor\/assets\/images\/placeholder.png?w=800&#038;ssl=1\" alt=\"Alcaldes de M\u00e9xico:  alumbrado p\u00fablico, aliado de la seguridad.\">\t\t\t<\/div>\n\t\t\t<div class=\"upk-content\">\n\t\t\t\t<div class=\"upk-count\"><\/div>\n\t\t\t\t<div class=\"upk-inner\">\n\t\t\t\t\t\t\t\t\t\t<h3 class=\"upk-title\"><a href=\"https:\/\/ibericametropole.com\/en\/2023\/06\/22\/alcaldes-de-mexico-alumbrado-publico-aliado-de-la-seguridad\/\" title=\"Alcaldes de M\u00e9xico:  alumbrado p\u00fablico, aliado de la seguridad.\" class=\"title-animation-underline\" aria-label=\"Alcaldes de M\u00e9xico:  alumbrado p\u00fablico, aliado de la seguridad.\">Alcaldes de M\u00e9xico:  alumbrado p\u00fablico, aliado de la seguridad.<\/a><\/h3>\t\t\t\t\t\t\t\t\t<\/div>\n\t\t\t<\/div>\n\t\t<\/div>\n\t\n\t\t\t\t\n\t\t\t\t\t\t\t<div class=\"upk-item upk-flex upk-flex-middle\">\n\t\t\t<div class=\"upk-img-wrap\">\n\t\t\t\t<img data-recalc-dims=\"1\" decoding=\"async\" class=\"upk-img\" src=\"https:\/\/i0.wp.com\/ibericametropole.com\/wp-content\/plugins\/elementor\/assets\/images\/placeholder.png?w=800&#038;ssl=1\" alt=\"Iluminaci\u00f3n inteligente para las ciudades\">\t\t\t<\/div>\n\t\t\t<div class=\"upk-content\">\n\t\t\t\t<div class=\"upk-count\"><\/div>\n\t\t\t\t<div class=\"upk-inner\">\n\t\t\t\t\t\t\t\t\t\t<h3 class=\"upk-title\"><a href=\"https:\/\/ibericametropole.com\/en\/2023\/06\/22\/iluminacion-inteligente-para-las-ciudades\/\" title=\"Iluminaci\u00f3n inteligente para las ciudades\" class=\"title-animation-underline\" aria-label=\"Iluminaci\u00f3n inteligente para las ciudades\">Iluminaci\u00f3n inteligente para las ciudades<\/a><\/h3>\t\t\t\t\t\t\t\t\t<\/div>\n\t\t\t<\/div>\n\t\t<\/div>\n\t\n\t\t\t\t\n\t\t\t\t\t\t\t<div class=\"upk-item upk-flex upk-flex-middle\">\n\t\t\t<div class=\"upk-img-wrap\">\n\t\t\t\t<img data-recalc-dims=\"1\" decoding=\"async\" class=\"upk-img\" src=\"https:\/\/i0.wp.com\/ibericametropole.com\/wp-content\/plugins\/elementor\/assets\/images\/placeholder.png?w=800&#038;ssl=1\" alt=\"Alcaldes de M\u00e9xico: es posible dar bienestar a las ciudades a tr\u00e1ves de la iluminaci\u00f3n: Citelum\">\t\t\t<\/div>\n\t\t\t<div class=\"upk-content\">\n\t\t\t\t<div class=\"upk-count\"><\/div>\n\t\t\t\t<div class=\"upk-inner\">\n\t\t\t\t\t\t\t\t\t\t<h3 class=\"upk-title\"><a href=\"https:\/\/ibericametropole.com\/en\/2023\/06\/22\/alcaldes-de-mexico-es-posible-dar-bienestar-a-las-ciudades-a-traves-de-la-iluminacion-citelum\/\" title=\"Alcaldes de M\u00e9xico: es posible dar bienestar a las ciudades a tr\u00e1ves de la iluminaci\u00f3n: Citelum\" class=\"title-animation-underline\" aria-label=\"Alcaldes de M\u00e9xico: es posible dar bienestar a las ciudades a tr\u00e1ves de la iluminaci\u00f3n: Citelum\">Alcaldes de M\u00e9xico: es posible dar bienestar a las ciudades a tr\u00e1ves de la iluminaci\u00f3n: Citelum<\/a><\/h3>\t\t\t\t\t\t\t\t\t<\/div>\n\t\t\t<\/div>\n\t\t<\/div>\n\t\n\t\t\t\t\t\t\t<\/div>\n\t\t<\/div>\n\n\t\t\n\t\t\t\t\t\t<\/div>\n\t\t\t\t<\/div>\n\t\t\t\t\t<\/div>\n\t\t<\/div>\n\t\t\t\t\t<\/div>\n\t\t<\/section>\n\t\t\t\t<\/div>","protected":false},"excerpt":{"rendered":"<p>EXPLORA NUESTRO BLOG Expertise en estructuraci\u00f3n de proyectos para gobierno Torre BBVA CDMX Expertise y presencia en America Latina Smart City Expo Latam Congress R.S.V.P: La comunidad francesa se re\u00fane con Pierre Lellouche Media Events Alcaldes de M\u00e9xico: alumbrado p\u00fablico, aliado de la seguridad. Iluminaci\u00f3n inteligente para las ciudades Alcaldes de M\u00e9xico: es posible dar [&hellip;]<\/p>\n","protected":false},"author":206063868,"featured_media":9693,"parent":0,"menu_order":0,"comment_status":"closed","ping_status":"closed","template":"elementor_header_footer","meta":{"_monsterinsights_skip_tracking":false,"_wpcom_ai_launchpad_about_page":false,"_wpcom_ai_launchpad_gallery_page":false,"_wpcom_ai_launchpad_contact_page":false,"_wpcom_ai_launchpad_events_page":false,"_wpcom_ai_launchpad_video_page":false,"_wpcom_ai_launchpad_portfolio_piece":false,"footnotes":""},"class_list":["post-8492","page","type-page","status-publish","has-post-thumbnail","hentry"],"aioseo_notices":[],"aioseo_head":"\n\t\t<!-- All in One SEO 5.0.1.1 - aioseo.com -->\n\t<meta name=\"description\" content=\"Access the complete article\" \/>\n\t<meta name=\"robots\" content=\"max-image-preview:large\" \/>\n\t<link rel=\"canonical\" href=\"https:\/\/ibericametropole.com\/en\/2023\/06\/22\/alcaldes-de-mexico-es-posible-dar-bienestar-a-las-ciudades-a-traves-de-la-iluminacion-citelum\/\" \/>\n\t<meta name=\"generator\" content=\"All in One SEO (AIOSEO) 5.0.1.1\" \/>\n\t\t<meta property=\"og:locale\" content=\"en_US\" \/>\n\t\t<meta property=\"og:site_name\" content=\"| Ibericametropole - Your partner for a changing world.\" \/>\n\t\t<meta property=\"og:type\" content=\"article\" \/>\n\t\t<meta property=\"og:title\" content=\"Alcaldes de M\u00e9xico: es posible dar bienestar a las ciudades a tr\u00e1ves de la iluminaci\u00f3n: Citelum - | Ibericametropole\" \/>\n\t\t<meta property=\"og:description\" content=\"Access the complete article\" \/>\n\t\t<meta property=\"og:url\" content=\"https:\/\/ibericametropole.com\/en\/2023\/06\/22\/alcaldes-de-mexico-es-posible-dar-bienestar-a-las-ciudades-a-traves-de-la-iluminacion-citelum\/\" \/>\n\t\t<meta property=\"article:published_time\" content=\"2023-06-23T04:19:31+00:00\" \/>\n\t\t<meta property=\"article:modified_time\" content=\"2024-08-20T22:11:08+00:00\" \/>\n\t\t<meta name=\"twitter:card\" content=\"summary_large_image\" \/>\n\t\t<meta name=\"twitter:title\" content=\"Alcaldes de M\u00e9xico: es posible dar bienestar a las ciudades a tr\u00e1ves de la iluminaci\u00f3n: Citelum - | Ibericametropole\" \/>\n\t\t<meta name=\"twitter:description\" content=\"Access the complete article\" \/>\n\t\t<script type=\"application\/ld+json\" class=\"aioseo-schema\">\n\t\t\t{\"@context\":\"https:\\\/\\\/schema.org\",\"@graph\":[{\"@type\":\"BlogPosting\",\"@id\":\"https:\\\/\\\/ibericametropole.com\\\/en\\\/2023\\\/06\\\/22\\\/alcaldes-de-mexico-es-posible-dar-bienestar-a-las-ciudades-a-traves-de-la-iluminacion-citelum\\\/#blogposting\",\"name\":\"Alcaldes de M\\u00e9xico: es posible dar bienestar a las ciudades a tr\\u00e1ves de la iluminaci\\u00f3n: Citelum - | Ibericametropole\",\"headline\":\"Alcaldes de M\\u00e9xico: es posible dar bienestar a las ciudades a tr\\u00e1ves de la iluminaci\\u00f3n: Citelum\",\"author\":{\"@id\":\"https:\\\/\\\/ibericametropole.com\\\/en\\\/author\\\/pvigario\\\/#author\"},\"publisher\":{\"@id\":\"https:\\\/\\\/ibericametropole.com\\\/en\\\/#organization\"},\"image\":{\"@type\":\"ImageObject\",\"url\":\"https:\\\/\\\/ibericametropole.com\\\/wp-content\\\/uploads\\\/2023\\\/06\\\/Citelum_iluminacion_Panel_4_Alcaldes_de_Mexico_Abril_2019-1.jpg\",\"@id\":\"https:\\\/\\\/ibericametropole.com\\\/en\\\/2023\\\/06\\\/22\\\/alcaldes-de-mexico-es-posible-dar-bienestar-a-las-ciudades-a-traves-de-la-iluminacion-citelum\\\/#articleImage\"},\"datePublished\":\"2023-06-22T22:19:31-06:00\",\"dateModified\":\"2024-08-20T16:11:08-06:00\",\"inLanguage\":\"en-US\",\"mainEntityOfPage\":{\"@id\":\"https:\\\/\\\/ibericametropole.com\\\/en\\\/2023\\\/06\\\/22\\\/alcaldes-de-mexico-es-posible-dar-bienestar-a-las-ciudades-a-traves-de-la-iluminacion-citelum\\\/#webpage\"},\"isPartOf\":{\"@id\":\"https:\\\/\\\/ibericametropole.com\\\/en\\\/2023\\\/06\\\/22\\\/alcaldes-de-mexico-es-posible-dar-bienestar-a-las-ciudades-a-traves-de-la-iluminacion-citelum\\\/#webpage\"},\"articleSection\":\"Influencer\"},{\"@type\":\"BreadcrumbList\",\"@id\":\"https:\\\/\\\/ibericametropole.com\\\/en\\\/2023\\\/06\\\/22\\\/alcaldes-de-mexico-es-posible-dar-bienestar-a-las-ciudades-a-traves-de-la-iluminacion-citelum\\\/#breadcrumblist\",\"itemListElement\":[{\"@type\":\"ListItem\",\"@id\":\"https:\\\/\\\/ibericametropole.com\\\/en#listItem\",\"position\":1,\"name\":\"Home\",\"item\":\"https:\\\/\\\/ibericametropole.com\\\/en\",\"nextItem\":{\"@type\":\"ListItem\",\"@id\":\"https:\\\/\\\/ibericametropole.com\\\/en\\\/influencer\\\/#listItem\",\"name\":\"Ibericametropole&#8217;s Remarkable Journey: Dive into the Unforgettable Expos and Master Talks that Define Our Expertise\"}},{\"@type\":\"ListItem\",\"@id\":\"https:\\\/\\\/ibericametropole.com\\\/en\\\/influencer\\\/#listItem\",\"position\":2,\"name\":\"Ibericametropole&#8217;s Remarkable Journey: Dive into the Unforgettable Expos and Master Talks that Define Our Expertise\",\"previousItem\":{\"@type\":\"ListItem\",\"@id\":\"https:\\\/\\\/ibericametropole.com\\\/en#listItem\",\"name\":\"Home\"}}]},{\"@type\":\"Organization\",\"@id\":\"https:\\\/\\\/ibericametropole.com\\\/en\\\/#organization\",\"name\":\"Ibericametropole\",\"description\":\"Your partner for a changing world.\",\"url\":\"https:\\\/\\\/ibericametropole.com\\\/en\\\/\"},{\"@type\":\"Person\",\"@id\":\"https:\\\/\\\/ibericametropole.com\\\/en\\\/author\\\/pvigario\\\/#author\",\"url\":\"https:\\\/\\\/ibericametropole.com\\\/en\\\/author\\\/pvigario\\\/\",\"name\":\"pvigario\",\"image\":{\"@type\":\"ImageObject\",\"@id\":\"https:\\\/\\\/ibericametropole.com\\\/en\\\/2023\\\/06\\\/22\\\/alcaldes-de-mexico-es-posible-dar-bienestar-a-las-ciudades-a-traves-de-la-iluminacion-citelum\\\/#authorImage\",\"url\":\"https:\\\/\\\/secure.gravatar.com\\\/avatar\\\/004332b3e5f0892d6dfd5a3e6378f992e016f9a1df4c4bde9885b3bd16a53773?s=96&d=identicon&r=g\",\"width\":96,\"height\":96,\"caption\":\"pvigario\"}},{\"@type\":\"WebPage\",\"@id\":\"https:\\\/\\\/ibericametropole.com\\\/en\\\/2023\\\/06\\\/22\\\/alcaldes-de-mexico-es-posible-dar-bienestar-a-las-ciudades-a-traves-de-la-iluminacion-citelum\\\/#webpage\",\"url\":\"https:\\\/\\\/ibericametropole.com\\\/en\\\/2023\\\/06\\\/22\\\/alcaldes-de-mexico-es-posible-dar-bienestar-a-las-ciudades-a-traves-de-la-iluminacion-citelum\\\/\",\"name\":\"Alcaldes de M\\u00e9xico: es posible dar bienestar a las ciudades a tr\\u00e1ves de la iluminaci\\u00f3n: Citelum - | Ibericametropole\",\"description\":\"Access the complete article\",\"inLanguage\":\"en-US\",\"isPartOf\":{\"@id\":\"https:\\\/\\\/ibericametropole.com\\\/en\\\/#website\"},\"breadcrumb\":{\"@id\":\"https:\\\/\\\/ibericametropole.com\\\/en\\\/2023\\\/06\\\/22\\\/alcaldes-de-mexico-es-posible-dar-bienestar-a-las-ciudades-a-traves-de-la-iluminacion-citelum\\\/#breadcrumblist\"},\"author\":{\"@id\":\"https:\\\/\\\/ibericametropole.com\\\/en\\\/author\\\/pvigario\\\/#author\"},\"creator\":{\"@id\":\"https:\\\/\\\/ibericametropole.com\\\/en\\\/author\\\/pvigario\\\/#author\"},\"datePublished\":\"2023-06-22T22:19:31-06:00\",\"dateModified\":\"2024-08-20T16:11:08-06:00\"},{\"@type\":\"WebSite\",\"@id\":\"https:\\\/\\\/ibericametropole.com\\\/en\\\/#website\",\"url\":\"https:\\\/\\\/ibericametropole.com\\\/en\\\/\",\"name\":\"Ibericametropole\",\"description\":\"Your partner for a changing world.\",\"inLanguage\":\"en-US\",\"publisher\":{\"@id\":\"https:\\\/\\\/ibericametropole.com\\\/en\\\/#organization\"}}]}\n\t\t<\/script>\n\t\t<!-- All in One SEO -->\n\n","aioseo_head_json":{"title":"Alcaldes de M\u00e9xico: es posible dar bienestar a las ciudades a tr\u00e1ves de la iluminaci\u00f3n: Citelum - | Ibericametropole","description":"Access the complete article","canonical_url":"https:\/\/ibericametropole.com\/en\/2023\/06\/22\/alcaldes-de-mexico-es-posible-dar-bienestar-a-las-ciudades-a-traves-de-la-iluminacion-citelum\/","robots":"max-image-preview:large","keywords":"","webmasterTools":{"miscellaneous":""},"schema":{"@context":"https:\/\/schema.org","@graph":[{"@type":"BlogPosting","@id":"https:\/\/ibericametropole.com\/en\/2023\/06\/22\/alcaldes-de-mexico-es-posible-dar-bienestar-a-las-ciudades-a-traves-de-la-iluminacion-citelum\/#blogposting","name":"Alcaldes de M\u00e9xico: es posible dar bienestar a las ciudades a tr\u00e1ves de la iluminaci\u00f3n: Citelum - | Ibericametropole","headline":"Alcaldes de M\u00e9xico: es posible dar bienestar a las ciudades a tr\u00e1ves de la iluminaci\u00f3n: Citelum","author":{"@id":"https:\/\/ibericametropole.com\/en\/author\/pvigario\/#author"},"publisher":{"@id":"https:\/\/ibericametropole.com\/en\/#organization"},"image":{"@type":"ImageObject","url":"https:\/\/ibericametropole.com\/wp-content\/uploads\/2023\/06\/Citelum_iluminacion_Panel_4_Alcaldes_de_Mexico_Abril_2019-1.jpg","@id":"https:\/\/ibericametropole.com\/en\/2023\/06\/22\/alcaldes-de-mexico-es-posible-dar-bienestar-a-las-ciudades-a-traves-de-la-iluminacion-citelum\/#articleImage"},"datePublished":"2023-06-22T22:19:31-06:00","dateModified":"2024-08-20T16:11:08-06:00","inLanguage":"en-US","mainEntityOfPage":{"@id":"https:\/\/ibericametropole.com\/en\/2023\/06\/22\/alcaldes-de-mexico-es-posible-dar-bienestar-a-las-ciudades-a-traves-de-la-iluminacion-citelum\/#webpage"},"isPartOf":{"@id":"https:\/\/ibericametropole.com\/en\/2023\/06\/22\/alcaldes-de-mexico-es-posible-dar-bienestar-a-las-ciudades-a-traves-de-la-iluminacion-citelum\/#webpage"},"articleSection":"Influencer"},{"@type":"BreadcrumbList","@id":"https:\/\/ibericametropole.com\/en\/2023\/06\/22\/alcaldes-de-mexico-es-posible-dar-bienestar-a-las-ciudades-a-traves-de-la-iluminacion-citelum\/#breadcrumblist","itemListElement":[{"@type":"ListItem","@id":"https:\/\/ibericametropole.com\/en#listItem","position":1,"name":"Home","item":"https:\/\/ibericametropole.com\/en","nextItem":{"@type":"ListItem","@id":"https:\/\/ibericametropole.com\/en\/influencer\/#listItem","name":"Ibericametropole&#8217;s Remarkable Journey: Dive into the Unforgettable Expos and Master Talks that Define Our Expertise"}},{"@type":"ListItem","@id":"https:\/\/ibericametropole.com\/en\/influencer\/#listItem","position":2,"name":"Ibericametropole&#8217;s Remarkable Journey: Dive into the Unforgettable Expos and Master Talks that Define Our Expertise","previousItem":{"@type":"ListItem","@id":"https:\/\/ibericametropole.com\/en#listItem","name":"Home"}}]},{"@type":"Organization","@id":"https:\/\/ibericametropole.com\/en\/#organization","name":"Ibericametropole","description":"Your partner for a changing world.","url":"https:\/\/ibericametropole.com\/en\/"},{"@type":"Person","@id":"https:\/\/ibericametropole.com\/en\/author\/pvigario\/#author","url":"https:\/\/ibericametropole.com\/en\/author\/pvigario\/","name":"pvigario","image":{"@type":"ImageObject","@id":"https:\/\/ibericametropole.com\/en\/2023\/06\/22\/alcaldes-de-mexico-es-posible-dar-bienestar-a-las-ciudades-a-traves-de-la-iluminacion-citelum\/#authorImage","url":"https:\/\/secure.gravatar.com\/avatar\/004332b3e5f0892d6dfd5a3e6378f992e016f9a1df4c4bde9885b3bd16a53773?s=96&d=identicon&r=g","width":96,"height":96,"caption":"pvigario"}},{"@type":"WebPage","@id":"https:\/\/ibericametropole.com\/en\/2023\/06\/22\/alcaldes-de-mexico-es-posible-dar-bienestar-a-las-ciudades-a-traves-de-la-iluminacion-citelum\/#webpage","url":"https:\/\/ibericametropole.com\/en\/2023\/06\/22\/alcaldes-de-mexico-es-posible-dar-bienestar-a-las-ciudades-a-traves-de-la-iluminacion-citelum\/","name":"Alcaldes de M\u00e9xico: es posible dar bienestar a las ciudades a tr\u00e1ves de la iluminaci\u00f3n: Citelum - | Ibericametropole","description":"Access the complete article","inLanguage":"en-US","isPartOf":{"@id":"https:\/\/ibericametropole.com\/en\/#website"},"breadcrumb":{"@id":"https:\/\/ibericametropole.com\/en\/2023\/06\/22\/alcaldes-de-mexico-es-posible-dar-bienestar-a-las-ciudades-a-traves-de-la-iluminacion-citelum\/#breadcrumblist"},"author":{"@id":"https:\/\/ibericametropole.com\/en\/author\/pvigario\/#author"},"creator":{"@id":"https:\/\/ibericametropole.com\/en\/author\/pvigario\/#author"},"datePublished":"2023-06-22T22:19:31-06:00","dateModified":"2024-08-20T16:11:08-06:00"},{"@type":"WebSite","@id":"https:\/\/ibericametropole.com\/en\/#website","url":"https:\/\/ibericametropole.com\/en\/","name":"Ibericametropole","description":"Your partner for a changing world.","inLanguage":"en-US","publisher":{"@id":"https:\/\/ibericametropole.com\/en\/#organization"}}]},"og:locale":"en_US","og:site_name":"| Ibericametropole - Your partner for a changing world.","og:type":"article","og:title":"Alcaldes de M\u00e9xico: es posible dar bienestar a las ciudades a tr\u00e1ves de la iluminaci\u00f3n: Citelum - | Ibericametropole","og:description":"Access the complete article","og:url":"https:\/\/ibericametropole.com\/en\/2023\/06\/22\/alcaldes-de-mexico-es-posible-dar-bienestar-a-las-ciudades-a-traves-de-la-iluminacion-citelum\/","article:published_time":"2023-06-23T04:19:31+00:00","article:modified_time":"2024-08-20T22:11:08+00:00","twitter:card":"summary_large_image","twitter:title":"Alcaldes de M\u00e9xico: es posible dar bienestar a las ciudades a tr\u00e1ves de la iluminaci\u00f3n: Citelum - | Ibericametropole","twitter:description":"Access the complete article"},"aioseo_meta_data":{"post_id":"8492","title":null,"description":"Explore our blog for thought-provoking articles, insightful perspectives, and practical tips that will fuel your desire to make a difference in the world. Stay informed and inspired!","keywords":[],"keyphrases":{"focus":{"keyphrase":"","score":0,"analysis":{"keyphraseInTitle":{"score":0,"maxScore":9,"error":1}}},"additional":[]},"primary_term":null,"canonical_url":null,"og_title":null,"og_description":null,"og_object_type":"default","og_image_type":"default","og_image_url":null,"og_image_width":null,"og_image_height":null,"og_image_custom_url":null,"og_image_custom_fields":null,"og_video":"","og_custom_url":null,"og_article_section":null,"og_article_tags":[],"twitter_use_og":false,"twitter_card":"default","twitter_image_type":"default","twitter_image_url":null,"twitter_image_custom_url":null,"twitter_image_custom_fields":null,"twitter_title":null,"twitter_description":null,"schema":{"blockGraphs":[],"customGraphs":[],"default":{"data":{"Article":[],"Course":[],"Dataset":[],"FAQPage":[],"Movie":[],"Person":[],"Product":[],"ProductReview":[],"Car":[],"Recipe":[],"Service":[],"SoftwareApplication":[],"WebPage":[]},"graphName":"WebPage","isEnabled":true},"graphs":[]},"schema_type":"default","schema_type_options":null,"pillar_content":false,"robots_default":true,"robots_noindex":false,"robots_noarchive":false,"robots_nosnippet":false,"robots_nofollow":false,"robots_noimageindex":false,"robots_noodp":false,"robots_notranslate":false,"robots_max_snippet":"-1","robots_max_videopreview":"-1","robots_max_imagepreview":"large","priority":null,"frequency":"default","local_seo":null,"breadcrumb_settings":null,"limit_modified_date":false,"ai":null,"created":"2023-06-12 17:33:15","updated":"2025-06-04 07:18:22","seo_analyzer_scan_date":null,"focus_keyword":null,"additional_keywords":null,"truseo_locale":null},"aioseo_breadcrumb":"<div class=\"aioseo-breadcrumbs\"><span class=\"aioseo-breadcrumb\">\n\t\t\t<a href=\"https:\/\/ibericametropole.com\/en\" title=\"Home\">Home<\/a>\n\t\t<\/span><span class=\"aioseo-breadcrumb-separator\">&raquo;<\/span><span class=\"aioseo-breadcrumb\">\n\t\t\tIbericametropole\u2019s Remarkable Journey: Dive into the Unforgettable Expos and Master Talks that Define Our Expertise\n\t\t<\/span><\/div>","aioseo_breadcrumb_json":[{"label":"Home","link":"https:\/\/ibericametropole.com\/en"},{"label":"Ibericametropole&#8217;s Remarkable Journey: Dive into the Unforgettable Expos and Master Talks that Define Our Expertise","link":"https:\/\/ibericametropole.com\/en\/influencer\/"}],"jetpack_shortlink":"https:\/\/wp.me\/Pd3e6z-2cY","jetpack_sharing_enabled":true,"_links":{"self":[{"href":"https:\/\/ibericametropole.com\/en\/wp-json\/wp\/v2\/pages\/8492","targetHints":{"allow":["GET"]}}],"collection":[{"href":"https:\/\/ibericametropole.com\/en\/wp-json\/wp\/v2\/pages"}],"about":[{"href":"https:\/\/ibericametropole.com\/en\/wp-json\/wp\/v2\/types\/page"}],"author":[{"embeddable":true,"href":"https:\/\/ibericametropole.com\/en\/wp-json\/wp\/v2\/users\/206063868"}],"replies":[{"embeddable":true,"href":"https:\/\/ibericametropole.com\/en\/wp-json\/wp\/v2\/comments?post=8492"}],"version-history":[{"count":100,"href":"https:\/\/ibericametropole.com\/en\/wp-json\/wp\/v2\/pages\/8492\/revisions"}],"predecessor-version":[{"id":11899,"href":"https:\/\/ibericametropole.com\/en\/wp-json\/wp\/v2\/pages\/8492\/revisions\/11899"}],"wp:featuredmedia":[{"embeddable":true,"href":"https:\/\/ibericametropole.com\/en\/wp-json\/wp\/v2\/media\/9693"}],"wp:attachment":[{"href":"https:\/\/ibericametropole.com\/en\/wp-json\/wp\/v2\/media?parent=8492"}],"curies":[{"name":"wp","href":"https:\/\/api.w.org\/{rel}","templated":true}]}}